{"id":4553,"date":"2015-05-03T22:38:23","date_gmt":"2015-05-03T21:38:23","guid":{"rendered":"http:\/\/libcickekrizovatky.cz\/?page_id=4553"},"modified":"2015-05-06T09:57:45","modified_gmt":"2015-05-06T07:57:45","slug":"kdy-kde-a-co","status":"publish","type":"page","link":"https:\/\/libcickekrizovatky.cz\/?page_id=4553","title":{"rendered":"P\u016fvodn\u00ed kalend\u00e1\u0159 akc\u00ed 2015"},"content":{"rendered":"<p>Toto je p\u016fvodn\u00ed arch\u00edv &#8220;Kalend\u00e1\u0159e akc\u00ed&#8221;, jak vypadal a\u017e do kv\u011btna 2015.<\/p>\n<p style=\"padding-left: 30px; text-align: right;\">Pokra\u010dovat na:<a title=\"P\u016fvodn\u00ed vzhled kalend\u00e1\u0159e - ud\u00e1losti roku 2014\" href=\"https:\/\/libcickekrizovatky.cz\/?page_id=3294\" target=\"_blank\"><img loading=\"lazy\" class=\"wp-image-4765 alignright\" alt=\"Archiv: Kalend\u00e1\u0159 2014\" src=\"https:\/\/libcickekrizovatky.cz\/content\/uploads\/2014\/11\/archiv14.png\" width=\"204\" height=\"48\" \/><\/a><\/p>\n<p>Tato str\u00e1nka je snahou o&nbsp;vytvo\u0159en\u00ed funk\u010dn\u00edho gener\u00e1ln\u00edho lib\u010dick\u00e9ho kulturn\u011b-spole\u010densk\u00e9ho kalend\u00e1\u0159e v\u0161ech akc\u00ed bez rozli\u0161en\u00ed v\u011bku, n\u00e1rodnosti, sexu\u00e1ln\u00ed orientace a&nbsp;dokonce i&nbsp;politick\u00e9 p\u0159\u00edslu\u0161nosti organiz\u00e1tor\u016f. Jedin\u00e1 podm\u00ednka za\u0159azen\u00ed p\u0159\u00edsp\u011bvku na tuto str\u00e1nku je, \u017ee jsme se o&nbsp;n\u00ed dozv\u011bd\u011bli.<\/p>\n<p>Pokud m\u00e1te z\u00e1jem o&nbsp;sv\u00e9 akci informovat, napi\u0161te n\u00e1m na <span style=\"text-decoration: underline;\"><a href=\"&#x6d;&#x61;&#x69;&#x6c;&#116;o:in&#x66;&#x6f;&#x40;&#x6c;&#105;bcic&#x6b;&#x65;&#x6b;&#x72;&#105;zova&#x74;&#x6b;&#x79;&#x2e;&#99;z\">&#x69;&#x6e;&#x66;&#x6f;&#x40;&#x6c;&#x69;&#x62;&#x63;&#x69;&#x63;&#x6b;&#x65;&#x6b;&#x72;&#x69;&#x7a;&#x6f;&#x76;&#x61;&#x74;&#x6b;&#x79;&#x2e;&#x63;&#x7a;<\/a><\/span> .<\/p>\n<h4>Kv\u011bten 2015<\/h4>\n<p><a href=\"https:\/\/libcickekrizovatky.cz\/content\/uploads\/2014\/11\/pozvanka-mimo.jpg\"><img loading=\"lazy\" class=\"alignnone  wp-image-4276\" alt=\"Zastupitelstvo o KDL\" src=\"https:\/\/libcickekrizovatky.cz\/content\/uploads\/2014\/11\/pozvanka-mimo.jpg\" width=\"121\" height=\"106\" srcset=\"https:\/\/libcickekrizovatky.cz\/content\/uploads\/2014\/11\/pozvanka-mimo.jpg 640w, https:\/\/libcickekrizovatky.cz\/content\/uploads\/2014\/11\/pozvanka-mimo-300x262.jpg 300w\" sizes=\"(max-width: 121px) 100vw, 121px\" \/><\/a><a href=\"https:\/\/libcickekrizovatky.cz\/?p=4319\"><img loading=\"lazy\" class=\"alignnone  wp-image-4583\" alt=\"Roztoky: Veter\u00e1n 2015\" src=\"https:\/\/libcickekrizovatky.cz\/content\/uploads\/2014\/11\/veteran-roztoky2015.jpg\" width=\"121\" height=\"106\" srcset=\"https:\/\/libcickekrizovatky.cz\/content\/uploads\/2014\/11\/veteran-roztoky2015.jpg 640w, https:\/\/libcickekrizovatky.cz\/content\/uploads\/2014\/11\/veteran-roztoky2015-300x262.jpg 300w\" sizes=\"(max-width: 121px) 100vw, 121px\" \/><\/a><a href=\"https:\/\/libcickekrizovatky.cz\/?ai1ec_event=oslava-v-klastere&amp;instance_id=68\"><img loading=\"lazy\" class=\"alignnone  wp-image-4717\" alt=\"Oslava Veltrusy\" src=\"https:\/\/libcickekrizovatky.cz\/content\/uploads\/2015\/05\/Oslava_20150510b.jpg\" width=\"121\" height=\"106\" srcset=\"https:\/\/libcickekrizovatky.cz\/content\/uploads\/2015\/05\/Oslava_20150510b.jpg 640w, https:\/\/libcickekrizovatky.cz\/content\/uploads\/2015\/05\/Oslava_20150510b-300x262.jpg 300w\" sizes=\"(max-width: 121px) 100vw, 121px\" \/><\/a><a href=\"https:\/\/libcickekrizovatky.cz\/?p=4319\"><img loading=\"lazy\" class=\"alignnone  wp-image-4320\" alt=\"7. ro\u010dn\u00edk festivalu sborov\u00e9ho zp\u011bvu &quot;Otev\u0159en\u00e1 zahrada&quot; 2015\" src=\"https:\/\/libcickekrizovatky.cz\/content\/uploads\/2015\/04\/otevrena-zahrada-banner.jpg\" width=\"121\" height=\"106\" srcset=\"https:\/\/libcickekrizovatky.cz\/content\/uploads\/2015\/04\/otevrena-zahrada-banner.jpg 640w, https:\/\/libcickekrizovatky.cz\/content\/uploads\/2015\/04\/otevrena-zahrada-banner-300x262.jpg 300w\" sizes=\"(max-width: 121px) 100vw, 121px\" \/><\/a><a href=\"https:\/\/libcickekrizovatky.cz\/?ai1ec_event=oslava-v-klastere&amp;instance_id=68\"><br \/>\n<\/a><a href=\"https:\/\/libcickekrizovatky.cz\/?p=4308\"><img loading=\"lazy\" class=\"alignnone  wp-image-4328\" alt=\"Bylinkov\u00e1 d\u00edlna s Karol\u00ednou\" src=\"https:\/\/libcickekrizovatky.cz\/content\/uploads\/2015\/04\/bylinbanner.jpg\" width=\"121\" height=\"106\" srcset=\"https:\/\/libcickekrizovatky.cz\/content\/uploads\/2015\/04\/bylinbanner.jpg 640w, https:\/\/libcickekrizovatky.cz\/content\/uploads\/2015\/04\/bylinbanner-300x262.jpg 300w\" sizes=\"(max-width: 121px) 100vw, 121px\" \/><\/a><a href=\"https:\/\/libcickekrizovatky.cz\/?ai1ec_event=oslava-v-klastere&amp;instance_id=68\"><img loading=\"lazy\" class=\"alignnone  wp-image-4265\" alt=\"Divadlo - LO\u010e: \u017denitba\" src=\"https:\/\/libcickekrizovatky.cz\/content\/uploads\/2015\/04\/banner-zenitba.jpg\" width=\"121\" height=\"106\" srcset=\"https:\/\/libcickekrizovatky.cz\/content\/uploads\/2015\/04\/banner-zenitba.jpg 640w, https:\/\/libcickekrizovatky.cz\/content\/uploads\/2015\/04\/banner-zenitba-300x262.jpg 300w\" sizes=\"(max-width: 121px) 100vw, 121px\" \/><\/a><a href=\"https:\/\/libcickekrizovatky.cz\/?p=4573\"><img loading=\"lazy\" class=\"alignnone  wp-image-4578\" alt=\"Noc kostel\u016f 2015\" src=\"https:\/\/libcickekrizovatky.cz\/content\/uploads\/2014\/11\/noc-kostelu15.jpg\" width=\"121\" height=\"106\" srcset=\"https:\/\/libcickekrizovatky.cz\/content\/uploads\/2014\/11\/noc-kostelu15.jpg 640w, https:\/\/libcickekrizovatky.cz\/content\/uploads\/2014\/11\/noc-kostelu15-300x262.jpg 300w\" sizes=\"(max-width: 121px) 100vw, 121px\" \/><\/a><\/p>\n<ul>\n<li>1.&nbsp;5.&nbsp;p\u00e1tek, cca 11,00 &#8211; <a title=\"Str\u00e1nky \u0161koly\" href=\"http:\/\/skola.libcice.cz\/skola-v-prirode-pro-1-stupen-ve-slovicich-u-rakovnika\/\" target=\"_blank\"><strong>n\u00e1vrat z&nbsp;jarn\u00ed \u0160koly v&nbsp;p\u0159\u00edrod\u011b pro 1.&nbsp;stupe\u0148,<\/strong><\/a> <em>ze \u0160lovic u&nbsp;Rak. ke \u0161kole<br \/>\n<\/em><\/li>\n<li>1.&nbsp;5. &#8211; 15.&nbsp;5. &#8211; <a title=\"Str\u00e1nky \u0161koly\" href=\"http:\/\/skola.libcice.cz\/skolska-rada-volby\/\" target=\"_blank\"><span style=\"text-decoration: underline;\"><strong>volby 2 z\u00e1stupc\u016f z&nbsp;\u0159ad rodi\u010d\u016f do \u0160kolsk\u00e9 rady,<\/strong><\/span><\/a> <em>prost\u0159ednictv\u00edm hlasovac\u00edch l\u00edstk\u016f<\/em><\/li>\n<li>4.&nbsp;5.&nbsp;pond\u011bl\u00ed, 18,00 &#8211; <strong>Zased\u00e1n\u00ed zastupitelstva<\/strong>, <em>Ob\u0159adn\u00ed s\u00ed\u0148 M\u00da Lib\u010dice<\/em><\/li>\n<li>5.&nbsp;5.&nbsp;\u00fater\u00fd, 17,00, <strong>Info sch\u016fzka pro rodi\u010de budouc\u00edch prv\u0148\u00e1\u010dk\u016f,<\/strong> <em>Z\u0160 Lib\u010dice<\/em><\/li>\n<li>6.&nbsp;5.&nbsp;st\u0159eda, 15,00 &#8211; 15,45 &#8211; <strong>P\u0159ed\u0161kol\u00e1\u010dek,<\/strong> <em>Z\u0160 Lib\u010dice<\/em><\/li>\n<li>6.&nbsp;5.&nbsp;st\u0159eda, 18,00 &#8211; <strong>Ve\u0159ejn\u00e1 diskuze o&nbsp;koupi KDL,<\/strong> <em>KD Lib\u010dice<\/em><\/li>\n<li>8.&nbsp;5.&nbsp;p\u00e1tek, 9,00 &#8211; 17,00 &#8211; <strong><span style=\"text-decoration: underline;\"><a title=\"Veter\u00e1ni 2015\" href=\"https:\/\/libcickekrizovatky.cz\/?ai1ec_event=roztoky-veterani-2015&amp;instance_id=34\">Veter\u00e1ni 2015,<\/a><\/span><\/strong> <em>Roztoky, Are\u00e1l z\u00e1mku St\u0159edo\u010desk\u00e9ho muzea<\/em><\/li>\n<li>9.&nbsp;5.&nbsp;sobota, 19,00 &#8211; <strong>Roz\u0159e\u017e,<\/strong> <em>Lib\u010dick\u00e1 plov\u00e1rna (p\u0159esunuto z&nbsp;2.&nbsp;5.&nbsp;a&nbsp;z&nbsp;11.&nbsp;4. &#8211; zdroj: m\u011bstsk\u00fd rozhlas)<\/em><\/li>\n<li>10.5 ned\u011ble, 18,00 &#8211; <strong><span style=\"text-decoration: underline;\"><a title=\"Oslava v kl\u00e1\u0161te\u0159e\" href=\"https:\/\/libcickekrizovatky.cz\/?ai1ec_event=oslava-v-klastere\">Oslava v&nbsp;kl\u00e1\u0161te\u0159e,<\/a><\/span><\/strong> <em>Veltrusy<\/em><\/li>\n<li>16.&nbsp;5.&nbsp;sobota, 10,00 &#8211;<strong> Hlasov\u00e1 d\u00edlna p\u0159i&nbsp;Festivalu Otev\u0159en\u00e1 zahrada 2015, <\/strong><em>s\u00e1l ZU\u0160 Lib\u010dice<\/em><\/li>\n<li>16.&nbsp;5.&nbsp;sobota, 13,00 &#8211; <strong><\/strong><span style=\"text-decoration: underline;\"><a title=\"Str\u00e1nky Scanduly\" href=\"http:\/\/scandula.cz\/festival-otevrena-zahrada-2015\/\" target=\"_blank\"><strong>Festival Otev\u0159en\u00e1 zahrada 2015,<\/strong><\/a><\/span><em> evangelick\u00fd kostel<\/em><\/li>\n<li>23.&nbsp;kv\u011btna, sobota 15.00 &#8211; <a title=\"Bylinky na plov\u00e1rn\u011b\" href=\"https:\/\/libcickekrizovatky.cz\/?p=4308\"><span style=\"text-decoration: underline;\"><strong>Bylinkov\u00e1 d\u00edlna s&nbsp;Karol\u00ednou,<\/strong><\/span><\/a> <em>Lib\u010dick\u00e1 plov\u00e1rna <\/em><\/li>\n<li>24.&nbsp;5.&nbsp;ned\u011ble, 19,00 &#8211; <span style=\"text-decoration: underline;\"><a title=\"LO\u010e: \u017denitba\" href=\"https:\/\/libcickekrizovatky.cz\/?p=4251\"><strong>LO\u010e: premi\u00e9ra divadeln\u00edho p\u0159edstaven\u00ed &#8220;\u017denitba&#8221;,<\/strong><\/a><\/span> <em>s\u00e1l ZU\u0160 Lib\u010dice<\/em><\/li>\n<li>29.&nbsp;5.&nbsp;p\u00e1tek, 18,00 &#8211; <a href=\"https:\/\/libcickekrizovatky.cz\/?p=4573\"><span style=\"text-decoration: underline;\"><strong>Noc kostel\u016f,<\/strong><\/span><\/a> <em>evangelick\u00fd kostel<\/em><\/li>\n<li>31.&nbsp;5.&nbsp;ned\u011ble, 19,00 &#8211; <span style=\"text-decoration: underline;\"><a title=\"LO\u010e: \u017denitba\" href=\"https:\/\/libcickekrizovatky.cz\/?p=4251\"><strong>LO\u010e: derni\u00e9ra divadeln\u00edho p\u0159edstaven\u00ed &#8220;\u017denitba&#8221;,<\/strong><\/a><\/span> <em>s\u00e1l ZU\u0160 Lib\u010dice<\/em><\/li>\n<\/ul>\n<h4>Duben 2015<\/h4>\n<p><a href=\"http:\/\/www.roztoc.cz\/nabidka-akci\/704-temne-hodinky-svateho-tydne-**1.-dubna-2015**\/\"><img loading=\"lazy\" class=\"alignnone  wp-image-4076\" alt=\"Temn\u00e9 hodinky Svat\u00e9ho t\u00fddne\" src=\"https:\/\/libcickekrizovatky.cz\/content\/uploads\/2014\/11\/banner-TH.jpg\" width=\"121\" height=\"106\" srcset=\"https:\/\/libcickekrizovatky.cz\/content\/uploads\/2014\/11\/banner-TH.jpg 640w, https:\/\/libcickekrizovatky.cz\/content\/uploads\/2014\/11\/banner-TH-300x262.jpg 300w\" sizes=\"(max-width: 121px) 100vw, 121px\" \/><\/a><a href=\"http:\/\/scandula.cz\/koncerty\/\"><img loading=\"lazy\" class=\"alignnone  wp-image-3936\" alt=\"Velikono\u010dn\u00ed koncert\" src=\"https:\/\/libcickekrizovatky.cz\/content\/uploads\/2015\/03\/velikoScan.jpg\" width=\"121\" height=\"106\" srcset=\"https:\/\/libcickekrizovatky.cz\/content\/uploads\/2015\/03\/velikoScan.jpg 640w, https:\/\/libcickekrizovatky.cz\/content\/uploads\/2015\/03\/velikoScan-300x262.jpg 300w\" sizes=\"(max-width: 121px) 100vw, 121px\" \/><\/a><a href=\"http:\/\/www.zuslibcice.cz\/kontakty\/kontakty-sidlo-skoly\"><img loading=\"lazy\" class=\"alignnone  wp-image-4046\" alt=\"Kytarov\u00fd koncert ZU\u0160\" src=\"https:\/\/libcickekrizovatky.cz\/content\/uploads\/2014\/11\/banner-kytara.jpg\" width=\"121\" height=\"106\" srcset=\"https:\/\/libcickekrizovatky.cz\/content\/uploads\/2014\/11\/banner-kytara.jpg 640w, https:\/\/libcickekrizovatky.cz\/content\/uploads\/2014\/11\/banner-kytara-300x262.jpg 300w\" sizes=\"(max-width: 121px) 100vw, 121px\" \/><\/a><a href=\"https:\/\/libcickekrizovatky.cz\/content\/uploads\/2015\/04\/vyrocni-schuze.jpg\"><img loading=\"lazy\" class=\"alignnone  wp-image-4304\" alt=\"Vyrocni schuze LOS\" src=\"https:\/\/libcickekrizovatky.cz\/content\/uploads\/2015\/04\/vyrocni-schuze.jpg\" width=\"121\" height=\"106\" \/><\/a><a href=\"https:\/\/libcickekrizovatky.cz\/?p=4451\"><img loading=\"lazy\" class=\"alignnone  wp-image-4453\" alt=\"P\u00e1len\u00ed \u010darod\u011bjnic\" src=\"https:\/\/libcickekrizovatky.cz\/content\/uploads\/2015\/04\/carodejnice-webcut.png\" width=\"121\" height=\"106\" \/><\/a><\/p>\n<ul>\n<li>1.&nbsp;4.&nbsp;st\u0159eda, 15,00 &#8211; 15,45 &#8211; <strong>P\u0159ed\u0161kol\u00e1\u010dek<\/strong>, <em>Z\u0160 Lib\u010dice<\/em><\/li>\n<li>1.&nbsp;4.&nbsp;st\u0159eda, 18,30 &#8211; <span style=\"text-decoration: underline;\"><a title=\"Temn\u00e9 hodinky - Apple Watch to nejsou\" href=\"http:\/\/www.roztoc.cz\/nabidka-akci\/704-temne-hodinky-svateho-tydne-**1.-dubna-2015**\/\" target=\"_blank\"><strong>koncert sboru Local Vocal &#8211; Temn\u00e9 hodinky Svat\u00e9ho t\u00fddne,<\/strong><\/a><\/span><em> <strong><\/strong>kostel sv.&nbsp;Jana K\u0159titele Na Pr\u00e1dle, Praha 1<br \/>\n<\/em><\/li>\n<li>4.&nbsp;4.&nbsp;sobota, 20,00 &#8211; <strong>Akord,<\/strong> <em>Lib\u010dick\u00e1 plov\u00e1rna<\/em><\/li>\n<li>6.&nbsp;4.&nbsp;pond\u011bl\u00ed, 18,30 &#8211; <strong>Velikono\u010dn\u00ed koncert <a href=\"http:\/\/scandula.cz\/\"><span style=\"text-decoration: underline;\">Scanduly, <\/span><\/a><\/strong><em>evangelick\u00fd kostel<\/em><\/li>\n<li>11.&nbsp;4.&nbsp;sobota, 11,00 &#8211; 16,00 &#8211; <span style=\"text-decoration: underline;\"><strong><a title=\"PDF pozv\u00e1nka\" href=\"http:\/\/www.maslovice.cz\/UserFiles\/file\/titulka\/slapota15-A5-OPR.pdf\" target=\"_blank\">M\u00e1slovick\u00e1 \u0161l\u00e1pota,<\/a> <\/strong><\/span><em>M\u00e1slovice &#8211; n\u00e1ves<\/em><\/li>\n<li>14.&nbsp;4.&nbsp;\u00fater\u00fd, sraz 8,00 &#8211; 8,30 &#8211; <strong>Den otev\u0159en\u00fdch dve\u0159\u00ed v&nbsp;lib\u010dick\u00e9 <span style=\"text-decoration: underline;\"><a href=\"http:\/\/kulisek.netluk.cz\/\">LM\u0160 Kul\u00ed\u0161ek,<\/a><\/span><\/strong> <em> Kul\u00ed\u0161ek, Lidick\u00e1 724<\/em><\/li>\n<li>15.&nbsp;4.&nbsp;st\u0159eda 16,30 &#8211; <span style=\"text-decoration: underline;\"><strong><a title=\"volby do \u0160R\" href=\"http:\/\/skola.libcice.cz\/skolska-rada-volby\/\" target=\"_blank\">Nov\u00e9 volby z\u00e1stupc\u016f rodi\u010d\u016f do \u0160R<\/a><\/strong><\/span> &#8211; kandidatura (b\u011bhem t\u0159\u00eddn\u00edch sch\u016fzek), <em>Z\u0160 Lib\u010dice<\/em><\/li>\n<li>17.&nbsp;4.&nbsp;p\u00e1tek, 17,00 &#8211; <span style=\"text-decoration: underline;\"><a title=\"Koncert ZU\u0160\" href=\"http:\/\/www.zuslibcice.cz\/kontakty\/kontakty-sidlo-skoly\" target=\"_blank\"><strong>Kytarov\u00fd koncert<\/strong>,<\/a> <\/span>(\u017e\u00e1ci ze t\u0159\u00eddy Kate\u0159iny Judov\u00e9 a&nbsp;host\u00e9 ze ZU\u0160 Dv\u016fr Kr\u00e1lov\u00e9 nad Labem), <em>s\u00e1l ZU\u0160 Lib\u010dice<\/em><\/li>\n<li>17.&nbsp;4.&nbsp;p\u00e1tek, 20,00 &#8211; <strong>Ve\u010der s&nbsp;Andreou a&nbsp;Hankou,<\/strong> <em>restaurace Na Radosti<\/em><\/li>\n<li>18.&nbsp;4.&nbsp;sobota, 16,00 &#8211; <strong>Koncert hudebn\u00edch obor\u016f sdru\u017een\u00ed Rozto\u010d,<\/strong> <em>Z\u00e1mek Roztoky u&nbsp;Prahy<\/em><\/li>\n<li>18.&nbsp;4.&nbsp;sobota, 19,00 &#8211; <strong>Scandula: <span style=\"text-decoration: underline;\"><a title=\"Scandula\" href=\"http:\/\/scandula.cz\/koncerty\/\" target=\"_blank\">Koncert lidov\u00fdch p\u00edsn\u00ed a&nbsp;spiritu\u00e1l\u016f<\/a><\/span><\/strong><span style=\"text-decoration: underline;\">,<\/span> <em>Lou\u0148ovice u&nbsp;\u0158\u00ed\u010dan, restaurace U&nbsp;Henc\u016f<\/em><\/li>\n<li>19.&nbsp;4.&nbsp;ned\u011ble, 16,00 &#8211; <strong>Filmov\u00fd klub na Plov\u00e1rn\u011b,<\/strong> film Coco Chanel, <em>Lib\u010dick\u00e1 plov\u00e1rna<\/em><\/li>\n<li>19.4.&nbsp;ned\u011ble, 17,00 &#8211; <strong><span style=\"text-decoration: underline;\"><a href=\"https:\/\/libcickekrizovatky.cz\/?p=4303\">V\u00fdro\u010dn\u00ed sch\u016fze Lib\u010dick\u00e9ho ob\u010dansk\u00e9ho spolku LOS<\/a><\/span>, <\/strong><em>Pod Vini\u010dkou 806 (u&nbsp;Nehasil\u016f)<\/em><\/li>\n<li>21.&nbsp;4.&nbsp;\u00fater\u00fd, 18,00, &#8211; <strong>\u017d\u00e1kovsk\u00fd koncert, <\/strong><em>Z<\/em><em>U\u0160 Lib\u010dice<br \/>\n<\/em><\/li>\n<li>22.&nbsp;4.&nbsp;st\u0159eda, 16,00 &#8211; 18,00 <strong>&#8211;<\/strong> <strong>Z\u00e1pis do <span style=\"text-decoration: underline;\"><a href=\"http:\/\/kulisek.netluk.cz\/\">LM\u0160 Kul\u00ed\u0161ek,<\/a><\/span><\/strong> <em>Kul\u00ed\u0161ek,<\/em> <em>Lidick\u00e1 724<\/em><\/li>\n<li>24.&nbsp;4.&nbsp;p\u00e1tek, 17,00 &#8211; <strong>Filmov\u00fd klub na Plov\u00e1rn\u011b:<\/strong> setk\u00e1n\u00ed s&nbsp;Jardou Nov\u00e1kem &#8211; Sokol a&nbsp;gymnastika jako \u017eivotn\u00ed styl,<strong><\/strong> <em>Lib\u010dick\u00e1 plov\u00e1rna<\/em><\/li>\n<li>25.&nbsp;4.&nbsp;sobota &#8211; <strong>Otev\u00edr\u00e1n\u00ed st\u00e1nku u&nbsp;\u0159eky &#8211; <\/strong><em>st\u00e1nek u&nbsp;\u0159eky (zdroj: m\u011bstsk\u00fd rozhlas)<\/em><\/li>\n<li>26.&nbsp;4.&nbsp;ned\u011ble &#8211; <strong>Otev\u00edr\u00e1n\u00ed stud\u00e1nek v&nbsp;Kralupech na Rusavk\u00e1ch<\/strong> &#8211; <em>bude up\u0159esn\u011bno na <a href=\"http:\/\/kulisek.netluk.cz\/\"><span style=\"text-decoration: underline;\">LM\u0160 Kul\u00ed\u0161ek<\/span><\/a><\/em><\/li>\n<li>27.&nbsp;4.&nbsp;pond\u011bl\u00ed, 9,00 &#8211; <a title=\"Str\u00e1nky \u0161koly\" href=\"http:\/\/skola.libcice.cz\/skola-v-prirode-pro-1-stupen-ve-slovicich-u-rakovnika\/\" target=\"_blank\"><span style=\"text-decoration: underline;\"><strong>odjezd na jarn\u00ed \u0160kolu v&nbsp;p\u0159\u00edrod\u011b pro 1.&nbsp;stupe\u0148,<\/strong><\/span><\/a> <em>od \u0161koly do \u0160lovic u&nbsp;Rakovn\u00edka<\/em><\/li>\n<li>30.4.&nbsp;\u010dtvrtek, 17,00 &#8211; <strong><span style=\"text-decoration: underline;\"><a href=\"https:\/\/libcickekrizovatky.cz\/?p=4451\">P\u00e1len\u00ed \u010darod\u011bjnic<\/a><\/span><\/strong>, <em>Lib\u010dick\u00e1 n\u00e1plavka<\/em><\/li>\n<\/ul>\n<h4>B\u0159ezen 2015<\/h4>\n<p><a href=\"https:\/\/libcickekrizovatky.cz\/?p=3715\"><img loading=\"lazy\" class=\"alignnone  wp-image-3718\" alt=\"b\u0159eznov\u00e1 sch\u016fze LOS\" src=\"https:\/\/libcickekrizovatky.cz\/content\/uploads\/2015\/02\/Schuze1.3.-banner.jpg\" width=\"121\" height=\"106\" srcset=\"https:\/\/libcickekrizovatky.cz\/content\/uploads\/2015\/02\/Schuze1.3.-banner.jpg 640w, https:\/\/libcickekrizovatky.cz\/content\/uploads\/2015\/02\/Schuze1.3.-banner-300x262.jpg 300w\" sizes=\"(max-width: 121px) 100vw, 121px\" \/><\/a><a href=\"https:\/\/libcickekrizovatky.cz\/?p=3598\"><img loading=\"lazy\" class=\"alignnone  wp-image-3602\" alt=\"Upout\u00e1vka: Baz\u00e1rek\" src=\"https:\/\/libcickekrizovatky.cz\/content\/uploads\/2015\/02\/bazbaner.jpg\" width=\"121\" height=\"106\" srcset=\"https:\/\/libcickekrizovatky.cz\/content\/uploads\/2015\/02\/bazbaner.jpg 640w, https:\/\/libcickekrizovatky.cz\/content\/uploads\/2015\/02\/bazbaner-300x262.jpg 300w\" sizes=\"(max-width: 121px) 100vw, 121px\" \/><\/a><a href=\"https:\/\/libcickekrizovatky.cz\/?p=3555\"><img loading=\"lazy\" class=\"alignnone  wp-image-3632\" alt=\"KONCERT ZU\u0160\" src=\"https:\/\/libcickekrizovatky.cz\/content\/uploads\/2015\/02\/banner-PJ.jpg\" width=\"121\" height=\"106\" srcset=\"https:\/\/libcickekrizovatky.cz\/content\/uploads\/2015\/02\/banner-PJ.jpg 640w, https:\/\/libcickekrizovatky.cz\/content\/uploads\/2015\/02\/banner-PJ-300x262.jpg 300w\" sizes=\"(max-width: 121px) 100vw, 121px\" \/><\/a><a href=\"https:\/\/www.facebook.com\/events\/793330700757529\/?ref=3&amp;ref_newsfeed_story_type=regular\"><img loading=\"lazy\" class=\"alignnone  wp-image-3662\" alt=\"Ples SDH Lib\u010dice\" src=\"https:\/\/libcickekrizovatky.cz\/content\/uploads\/2014\/11\/ples-sdh-libcice.jpg\" width=\"121\" height=\"106\" srcset=\"https:\/\/libcickekrizovatky.cz\/content\/uploads\/2014\/11\/ples-sdh-libcice.jpg 640w, https:\/\/libcickekrizovatky.cz\/content\/uploads\/2014\/11\/ples-sdh-libcice-300x262.jpg 300w\" sizes=\"(max-width: 121px) 100vw, 121px\" \/><\/a><a href=\"https:\/\/libcickekrizovatky.cz\/?p=3539\"><br \/>\n<\/a><a href=\"https:\/\/libcickekrizovatky.cz\/?p=3788\"><img loading=\"lazy\" class=\"alignnone  wp-image-3790\" alt=\"Velikono\u010dn\u00ed d\u00edlna\" src=\"https:\/\/libcickekrizovatky.cz\/content\/uploads\/2015\/03\/velikonocni-dilna-banner.jpg\" width=\"121\" height=\"106\" srcset=\"https:\/\/libcickekrizovatky.cz\/content\/uploads\/2015\/03\/velikonocni-dilna-banner.jpg 640w, https:\/\/libcickekrizovatky.cz\/content\/uploads\/2015\/03\/velikonocni-dilna-banner-300x262.jpg 300w\" sizes=\"(max-width: 121px) 100vw, 121px\" \/><\/a><a href=\"http:\/\/skola.libcice.cz\/\"><img loading=\"lazy\" class=\"alignnone  wp-image-3925\" alt=\"Velikono\u010dn\u00ed jarmark\" src=\"https:\/\/libcickekrizovatky.cz\/content\/uploads\/2014\/11\/Jarmark15.jpg\" width=\"121\" height=\"106\" srcset=\"https:\/\/libcickekrizovatky.cz\/content\/uploads\/2014\/11\/Jarmark15.jpg 640w, https:\/\/libcickekrizovatky.cz\/content\/uploads\/2014\/11\/Jarmark15-300x262.jpg 300w\" sizes=\"(max-width: 121px) 100vw, 121px\" \/><\/a><a href=\"https:\/\/libcickekrizovatky.cz\/?p=3539\"><img loading=\"lazy\" class=\"alignnone  wp-image-3707\" alt=\"Expedi\u010dn\u00ed kamera: Pozv\u00e1nka\" src=\"https:\/\/libcickekrizovatky.cz\/content\/uploads\/2015\/02\/Exp.kamera-pozvanka.jpg\" width=\"121\" height=\"106\" srcset=\"https:\/\/libcickekrizovatky.cz\/content\/uploads\/2015\/02\/Exp.kamera-pozvanka.jpg 640w, https:\/\/libcickekrizovatky.cz\/content\/uploads\/2015\/02\/Exp.kamera-pozvanka-300x262.jpg 300w\" sizes=\"(max-width: 121px) 100vw, 121px\" \/><\/a><a href=\"http:\/\/mujweb.cz\/sdhletky\/\"><img loading=\"lazy\" class=\"alignnone  wp-image-3494\" alt=\"Hasi\u010dsk\u00fd ples: SDHLetky\" src=\"https:\/\/libcickekrizovatky.cz\/content\/uploads\/2014\/11\/SDHLetky.jpg\" width=\"121\" height=\"106\" srcset=\"https:\/\/libcickekrizovatky.cz\/content\/uploads\/2014\/11\/SDHLetky.jpg 640w, https:\/\/libcickekrizovatky.cz\/content\/uploads\/2014\/11\/SDHLetky-300x262.jpg 300w\" sizes=\"(max-width: 121px) 100vw, 121px\" \/><\/a><\/p>\n<ul>\n<li>1.&nbsp;3.&nbsp;ned\u011ble, 19,00 &#8211; <span style=\"text-decoration: underline;\"><a title=\"Sch\u016fze LOS\" href=\"https:\/\/libcickekrizovatky.cz\/?p=3715\"><strong>Sch\u016fze LOS,<\/strong><\/a><\/span><em><em><em> Salonek<\/em><\/em> KD Lib\u010dice<\/em><\/li>\n<li>2.&nbsp;3.&nbsp;pond\u011bl\u00ed &#8211; <span style=\"text-decoration: underline;\"><a title=\"Den otev\u0159en\u00fdch dve\u0159\u00ed na M\u0160\" href=\"http:\/\/skolka.libcice.cz\/\" target=\"_blank\"><strong>Den otev\u0159en\u00fdch dve\u0159\u00ed v&nbsp;M\u0160,<\/strong><\/a><\/span> <em>Mate\u0159sk\u00e1 \u0161kola Lib\u010dice<\/em><\/li>\n<li>3.&nbsp;3.&nbsp;\u00fater\u00fd, 12,00 &#8211; 16,00 &#8211; <span style=\"text-decoration: underline;\"><a title=\"Z\u00e1pis do M\u0160\" href=\"http:\/\/skolka.libcice.cz\/\" target=\"_blank\"><strong>Z\u00e1pis do M\u0160,<\/strong><\/a><\/span> <em>Mate\u0159sk\u00e1 \u0161kola Lib\u010dice<\/em><\/li>\n<li>4.&nbsp;3.&nbsp;st\u0159eda, 15,00 &#8211; 15,45 &#8211; <strong><span style=\"text-decoration: underline;\"><a href=\"http:\/\/skola.libcice.cz\/predskolacek\/\" target=\"_blank\">P\u0159ed\u0161kol\u00e1\u010dek<\/a><\/span>,<\/strong> <em>Z\u0160 Lib\u010dice<\/em><\/li>\n<li>7.&nbsp;3.&nbsp;sobota, 19,00, <strong>Roz\u0159e\u017e, <\/strong><em>Lib\u010dick\u00e1 plov\u00e1rna<\/em><\/li>\n<li>9.\u2013 15.&nbsp;3.&nbsp;cel\u00fd t\u00fdden &#8211; <span style=\"text-decoration: underline;\"><a title=\"Z\u0160 Lib\u010dice\" href=\"http:\/\/skola.libcice.cz\/harmonogram-roku\/\" target=\"_blank\"><strong>Jarn\u00ed pr\u00e1zdniny,<\/strong><\/a><\/span> <em>Lib\u010dice<\/em><\/li>\n<li>\n<div>15.&nbsp;3.&nbsp;ned\u011ble, 15,00 &#8211; Filmov\u00fd klub Na Plov\u00e1rn\u011b &#8211; Film Frances, <em>Lib\u010dick\u00e1 plov\u00e1rna <\/em><a title=\"web m\u011bsta - Libi\u010dck\u00e9 Noviny\" href=\"http:\/\/www.libcice.cz\/kultura\/libcicke-noviny.html\" target=\"_blank\"><span style=\"color: #808080;\">(zdroj LN, 03\/15)<\/span><\/a><\/div>\n<\/li>\n<li>16.&nbsp;3.&nbsp;pond\u011bl\u00ed, 10,00 &#8211; 12,00 a&nbsp;16,00 &#8211; 18,00 <span style=\"text-decoration: underline;\"><strong><a title=\"Baz\u00e1rek: jarn\u00ed a letn\u00ed oble\u010den\u00ed\" href=\"https:\/\/libcickekrizovatky.cz\/?p=3598\">Baz\u00e1rek jarn\u00edho a&nbsp;letn\u00edho d\u011btsk\u00e9ho oble\u010den\u00ed,<\/a><\/strong><\/span><em> <em>KD Lib\u010dice<\/em><\/em><\/li>\n<li>16.&nbsp;3.&nbsp;pond\u011bl\u00ed, 18,00 <a title=\"Koncert ZU\u0160\" href=\"https:\/\/libcickekrizovatky.cz\/?p=3555\"><span style=\"text-decoration: underline;\"><strong>Koncert u\u010ditel\u016f ZU\u0160<\/strong>,<\/span><\/a><em> s\u00e1l ZU\u0160 Lib\u010dice<\/em><\/li>\n<li>20.&nbsp;3.&nbsp;p\u00e1tek, 20,00 &#8211; <a title=\"Hasi\u010dsk\u00fd ples - pozv\u00e1nka\" href=\"https:\/\/www.facebook.com\/events\/793330700757529\/?ref=3&amp;ref_newsfeed_story_type=regular\" target=\"_blank\"><span style=\"text-decoration: underline;\"><strong>Hasi\u010dsk\u00fd ples SDH Lib\u010dice<\/strong>,<\/span><\/a> <em>KD Lib\u010dice<\/em><\/li>\n<li>22.&nbsp;3.&nbsp;ned\u011ble, 15,00 &#8211; Ve\u0159ejn\u00e9 \u010dten\u00ed nad\u0161en\u00fdch \u010dten\u00e1\u0159\u016f (15,00 &#8211; 16,00 d\u011btsk\u00e9 \u010dten\u00ed, pozd\u011bji dosp\u011bl\u00e1ck\u00e9), <em>ZU\u0160 Lib\u010dice <\/em><span style=\"color: #808080;\"><a title=\"web m\u011bsta - Libi\u010dck\u00e9 Noviny\" href=\"http:\/\/www.libcice.cz\/kultura\/libcicke-noviny.html\" target=\"_blank\"><span style=\"color: #808080;\">(zdroj LN, 03\/15)<\/span><\/a><\/span><\/li>\n<li>27.&nbsp;3.&nbsp;p\u00e1tek 18,00 &#8211; Filmov\u00fd klub Na Plov\u00e1rn\u011b -Trekking po&nbsp;Himal\u00e1j\u00edch, <em>Lib\u010dick\u00e1 plov\u00e1rna <\/em><span style=\"color: #808080;\"><a title=\"web m\u011bsta - Libi\u010dck\u00e9 Noviny\" href=\"http:\/\/www.libcice.cz\/kultura\/libcicke-noviny.html\" target=\"_blank\"><span style=\"color: #808080;\">(zdroj LN, 03\/15)<\/span><\/a><\/span><\/li>\n<li>27.&nbsp;3.&nbsp;p\u00e1tek, 17,00 &#8211; <strong><span style=\"text-decoration: underline;\"><a title=\"Velikono\u010dn\u00ed d\u00edlna s Karol\u00ednou\" href=\"https:\/\/libcickekrizovatky.cz\/?p=3788\">Velikono\u010dn\u00ed d\u00edlna s&nbsp;Karol\u00ednou,<\/a> <\/span><\/strong> <em>KD Lib\u010dice<\/em><\/li>\n<li>28.&nbsp;3.&nbsp;sobota, 10,00 &#8211; 16,00 <strong><span style=\"text-decoration: underline;\"><a title=\"Velikono\u010dn\u00ed jarmark \u0161koly\" href=\"http:\/\/skola.libcice.cz\/\" target=\"_blank\">Velikono\u010dn\u00ed jarmark,<\/a><\/span><\/strong> <em>Z\u0160 Lib\u010dice<\/em><\/li>\n<li>28.&nbsp;3.&nbsp;sobota, 16,30 &#8211; 23,00 <span style=\"text-decoration: underline;\"><strong><a title=\"Filmov\u00fd festival &quot;Expedi\u010dn\u00ed kamera&quot;\" href=\"https:\/\/libcickekrizovatky.cz\/?p=3539\">Filmov\u00fd festival &#8220;Expedi\u010dn\u00ed kamera&#8221;,<\/a><\/strong><\/span> <em>Plov\u00e1rna Lib\u010dice<\/em><\/li>\n<li>28.&nbsp;3.&nbsp;sobota, 20,00 &#8211; <span style=\"text-decoration: underline;\"><a title=\"Hasi\u010dsk\u00fd ples: SDH Letky\" href=\"http:\/\/mujweb.cz\/sdhletky\/\" target=\"_blank\"><strong>Hasi\u010dsk\u00fd ples SDH Letky<\/strong>,<\/a><\/span> <em>KD Lib\u010dice<\/em><\/li>\n<li>31.&nbsp;3.&nbsp;\u00fater\u00fd, 15,30 &#8211; Pleten\u00ed poml\u00e1zek, <em>\u0160koli\u010dka M\u00e1v\u00e1\u010dek <\/em><span style=\"color: #808080;\"><a title=\"web m\u011bsta - Libi\u010dck\u00e9 Noviny\" href=\"http:\/\/www.libcice.cz\/kultura\/libcicke-noviny.html\" target=\"_blank\"><span style=\"color: #808080;\">(zdroj LN, 03\/15)<\/span><\/a><\/span><\/li>\n<\/ul>\n<h4>\u00danor 2015<\/h4>\n<p><a href=\"https:\/\/libcickekrizovatky.cz\/?p=3438\"><img loading=\"lazy\" class=\"alignnone  wp-image-3384\" alt=\"3. zased\u00e1n\u00ed zastupitelstva\" src=\"https:\/\/libcickekrizovatky.cz\/content\/uploads\/2015\/02\/3zas-inv.jpg\" width=\"121\" height=\"106\" srcset=\"https:\/\/libcickekrizovatky.cz\/content\/uploads\/2015\/02\/3zas-inv.jpg 640w, https:\/\/libcickekrizovatky.cz\/content\/uploads\/2015\/02\/3zas-inv-300x262.jpg 300w\" sizes=\"(max-width: 121px) 100vw, 121px\" \/><\/a><a href=\"https:\/\/libcickekrizovatky.cz\/?p=3356\"><img loading=\"lazy\" class=\"alignnone  wp-image-3360\" alt=\"To Je\u017e\u00ed\u0161ek netrefil banner\" src=\"https:\/\/libcickekrizovatky.cz\/content\/uploads\/2015\/01\/co-jezisek-ban.jpg\" width=\"121\" height=\"106\" srcset=\"https:\/\/libcickekrizovatky.cz\/content\/uploads\/2015\/01\/co-jezisek-ban.jpg 640w, https:\/\/libcickekrizovatky.cz\/content\/uploads\/2015\/01\/co-jezisek-ban-300x262.jpg 300w\" sizes=\"(max-width: 121px) 100vw, 121px\" \/><\/a><a href=\"http:\/\/www.roztoc.cz\/nabidka-akci\/687-dilna-masopustnich-krosnovych-masek-**24.-ledna-a-7.-unora-2015**\/\"><img loading=\"lazy\" class=\"alignnone  wp-image-3313\" alt=\"Krosny v Rozto\u010di\" src=\"https:\/\/libcickekrizovatky.cz\/content\/uploads\/2014\/11\/kros-baner.jpg\" width=\"121\" height=\"106\" srcset=\"https:\/\/libcickekrizovatky.cz\/content\/uploads\/2014\/11\/kros-baner.jpg 640w, https:\/\/libcickekrizovatky.cz\/content\/uploads\/2014\/11\/kros-baner-300x262.jpg 300w\" sizes=\"(max-width: 121px) 100vw, 121px\" \/><\/a><a href=\"https:\/\/libcickekrizovatky.cz\/?p=3485\"><img loading=\"lazy\" class=\"alignnone  wp-image-3487\" alt=\"Kloboukov\u00e1 d\u00edlna\" src=\"https:\/\/libcickekrizovatky.cz\/content\/uploads\/2015\/02\/klodilna-banner.jpg\" width=\"121\" height=\"106\" srcset=\"https:\/\/libcickekrizovatky.cz\/content\/uploads\/2015\/02\/klodilna-banner.jpg 640w, https:\/\/libcickekrizovatky.cz\/content\/uploads\/2015\/02\/klodilna-banner-300x262.jpg 300w\" sizes=\"(max-width: 121px) 100vw, 121px\" \/><\/a><a href=\"http:\/\/www.mcmalina.cz\/\"><br \/>\n<img loading=\"lazy\" class=\"alignnone  wp-image-3502\" alt=\"Kurz - Homeopatick\u00e9 l\u00e9ky\" src=\"https:\/\/libcickekrizovatky.cz\/content\/uploads\/2015\/02\/homeo.jpg\" width=\"121\" height=\"106\" srcset=\"https:\/\/libcickekrizovatky.cz\/content\/uploads\/2015\/02\/homeo.jpg 640w, https:\/\/libcickekrizovatky.cz\/content\/uploads\/2015\/02\/homeo-300x262.jpg 300w\" sizes=\"(max-width: 121px) 100vw, 121px\" \/><\/a><a href=\"https:\/\/libcickekrizovatky.cz\/?p=3031\"><img loading=\"lazy\" class=\"alignnone  wp-image-2993\" alt=\"9. lib\u010dick\u00fd masopust 2015\" src=\"https:\/\/libcickekrizovatky.cz\/content\/uploads\/2015\/01\/maso2015.jpg\" width=\"121\" height=\"106\" srcset=\"https:\/\/libcickekrizovatky.cz\/content\/uploads\/2015\/01\/maso2015.jpg 640w, https:\/\/libcickekrizovatky.cz\/content\/uploads\/2015\/01\/maso2015-300x262.jpg 300w\" sizes=\"(max-width: 121px) 100vw, 121px\" \/><\/a><a href=\"http:\/\/www.mcmalina.cz\/\"><img loading=\"lazy\" class=\"alignnone  wp-image-3512\" alt=\"Bylinky v zahrad\u011b\" src=\"https:\/\/libcickekrizovatky.cz\/content\/uploads\/2015\/02\/zahrada.jpg\" width=\"121\" height=\"106\" srcset=\"https:\/\/libcickekrizovatky.cz\/content\/uploads\/2015\/02\/zahrada.jpg 640w, https:\/\/libcickekrizovatky.cz\/content\/uploads\/2015\/02\/zahrada-300x262.jpg 300w\" sizes=\"(max-width: 121px) 100vw, 121px\" \/><\/a><a href=\"https:\/\/libcickekrizovatky.cz\/?p=3523\"><img loading=\"lazy\" class=\"alignnone  wp-image-3570\" alt=\"Valn\u00e1 hromada libcice.net\" src=\"https:\/\/libcickekrizovatky.cz\/content\/uploads\/2015\/02\/libnet.jpg\" width=\"121\" height=\"106\" srcset=\"https:\/\/libcickekrizovatky.cz\/content\/uploads\/2015\/02\/libnet.jpg 640w, https:\/\/libcickekrizovatky.cz\/content\/uploads\/2015\/02\/libnet-300x262.jpg 300w\" sizes=\"(max-width: 121px) 100vw, 121px\" \/><\/a><\/p>\n<ul>\n<li>1.&nbsp;2.&nbsp;ned\u011ble, 19,00 &#8211; v\u0161espolkov\u00e1 <span style=\"text-decoration: underline;\"><strong><a title=\"Sch\u016fzka LOSu, 1. \u00fanora 19:00 KD Lib\u010dice\" href=\"https:\/\/libcickekrizovatky.cz\/?p=3332\">sch\u016fzka LOSu<\/a><\/strong><\/span><em>, <em>Salonek KD Lib\u010dice<\/em><\/em><\/li>\n<li>4.&nbsp;2.&nbsp;st\u0159eda, 15-15,45<em> <\/em><span style=\"text-decoration: underline;\"><a href=\"http:\/\/skola.libcice.cz\/predskolacek\/\" target=\"_blank\"><strong>P\u0159ed\u0161kol\u00e1\u010dek<\/strong><\/a><\/span>,<em> Z\u0160 Lib\u010dice<\/em><\/li>\n<li>4.&nbsp;2.&nbsp;st\u0159eda, 18,00<em> <\/em><a title=\"3. zased\u00e1n\u00ed zastupitelstva m\u011bsta\" href=\"https:\/\/libcickekrizovatky.cz\/?p=3438\"><span style=\"text-decoration: underline;\"><strong>3.&nbsp;ve\u0159ejn\u00e9 zased\u00e1n\u00ed zastupitelstva,<\/strong><\/span><\/a><em> Ob\u0159adn\u00ed s\u00ed\u0148 M\u00da Lib\u010dice<\/em><\/li>\n<li>6.&nbsp;2.&nbsp;p\u00e1tek, 19,00 <span style=\"text-decoration: underline;\"><a title=\"Baz\u00e1rek netrefen\u00fdch v\u00e1no\u010dn\u00edch d\u00e1rk\u016f\" href=\"https:\/\/libcickekrizovatky.cz\/?p=3356\">&#8220;<\/a><\/span><strong><span style=\"text-decoration: underline;\"><a title=\"Baz\u00e1rek netrefen\u00fdch v\u00e1no\u010dn\u00edch d\u00e1rk\u016f\" href=\"https:\/\/libcickekrizovatky.cz\/?p=3356\">Co Je\u017e\u00ed\u0161ek netrefil&#8221;<\/a><\/span> &#8211; d\u00e1msk\u00fd klub, baz\u00e1rek neno\u0161en\u00fdch dar\u016f,<\/strong> <em>restaurace &#8220;U&nbsp;n\u00e1dra\u017e\u00ed&#8221;<strong> <\/strong><\/em><\/li>\n<li>7.&nbsp;2.&nbsp;sobota &#8211; <span style=\"text-decoration: underline;\"><strong><a title=\"D\u00edlna Rozto\u010d\" href=\"http:\/\/www.roztoc.cz\/nabidka-akci\/687-dilna-masopustnich-krosnovych-masek-**24.-ledna-a-7.-unora-2015**\/\" target=\"_blank\">D\u00edlna masopustn\u00edch krosnov\u00fdch masek<\/a><\/strong><\/span>, <em>Rozto\u010d, Roztoky<\/em><\/li>\n<li>7.&nbsp;2.&nbsp;sobota, 18,00 &#8211; <strong>Rumtor\u00e1di, <\/strong><em>Lib\u010dick\u00e1 plov\u00e1rna<\/em><strong><br \/>\n<\/strong><\/li>\n<li>13.&nbsp;2.&nbsp;p\u00e1tek, 21,00 &#8211; <strong>Discop\u00e1rty, <\/strong><em>Lib\u010dick\u00e1 plov\u00e1rna<\/em><\/li>\n<li>14.&nbsp;2.&nbsp;sobota &#8211; <a title=\"Msopust Roztoky\" href=\"http:\/\/www.roztoc.cz\/nabidka-akci\/644-masopust-2015\/\" target=\"_blank\"><strong><span style=\"text-decoration: underline;\">Masopust v&nbsp;Roztok\u00e1ch a&nbsp;\u00dan\u011btic\u00edch<\/span><\/strong><\/a><\/li>\n<li>16.&nbsp;2.&nbsp;pond\u011bl\u00ed &#8211; term\u00edn odevzd\u00e1n\u00ed <span style=\"text-decoration: underline;\"><strong><a title=\"formul\u00e1\u0159 \u017e\u00e1dosti na str\u00e1nk\u00e1ch m\u011bsta\" href=\"http:\/\/libcice.cz\/aktualita\/318-zadosti-o-prispevky-zajmovym-organizacim.html\" target=\"_blank\">\u017d\u00e1dosti o&nbsp;p\u0159\u00edsp\u011bvky z\u00e1jmov\u00fdm organizac\u00edm,<\/a><\/strong><\/span><em> radnice Lib\u010dice<\/em><\/li>\n<li>17.&nbsp;2.&nbsp;\u00fater\u00fd, 15,00 &#8211; <span style=\"text-decoration: underline;\"><a title=\"d\u00edlna v mate\u0159sk\u00e9 \u0161kole\" href=\"https:\/\/libcickekrizovatky.cz\/?p=3485\" target=\"_blank\"><strong>Masopustn\u00ed v\u00fdtvarn\u00e1 d\u00edlna na klobouky,<\/strong><\/a><\/span><em> Mate\u0159sk\u00e1 \u0161kola Lib\u010dice<\/em><\/li>\n<li>19.&nbsp;2.&nbsp;\u010dtvrtek, 18,00 &#8211; <span style=\"text-decoration: underline;\"><a title=\"Kurz Homeopatick\u00e9 l\u00e9ky pro akutn\u00ed dom\u00e1c\u00ed pou\u017eit\u00ed\" href=\"http:\/\/www.mcmalina.cz\/\" target=\"_blank\">Kurz <strong>&#8220;Homeopatick\u00e9 l\u00e9ky pro akutn\u00ed dom\u00e1c\u00ed pou\u017eit\u00ed&#8221;,<\/strong><\/a><\/span> <em>KD Lib\u010dice, prostor MC Malina<\/em><\/li>\n<li>21.&nbsp;2.&nbsp;sobota, 10,00 &#8211; <span style=\"text-decoration: underline;\"><a title=\"9. lib\u010dick\u00fd masopust\" href=\"https:\/\/libcickekrizovatky.cz\/?p=3031\" target=\"_blank\"><strong>9.&nbsp;lib\u010dick\u00fd masopust,<\/strong><\/a><\/span> <em>zah\u00e1jen\u00ed na d\u011btsk\u00e9m h\u0159i\u0161ti s\u00eddli\u0161t\u011b &#8220;Sahara&#8221;<\/em><\/li>\n<li>\n<div>21.&nbsp;2.&nbsp;sobota, 20,00 &#8211; <strong>71.&nbsp;sportovn\u00ed karneval<\/strong>, <em>KD Lib\u010dice<\/em><\/div>\n<\/li>\n<li>21.&nbsp;2.&nbsp;sobota, 20,00 &#8211; <strong>Akord, <\/strong><em>Lib\u010dick\u00e1 plov\u00e1rna<\/em><\/li>\n<li>22.&nbsp;2.&nbsp;ned\u011ble, 14,00 &#8211; <strong>D\u011btsk\u00fd karneval<\/strong>, <em>KD Lib\u010dice<\/em><\/li>\n<li>25.&nbsp;2.&nbsp;st\u0159eda, 19,00 &#8211; <a title=\"Zahradnick\u00e9 pov\u00edd\u00e1n\u00ed se Zuzanou Hrubou na t\u00e9ma &quot;Bylinky v zahrad\u011b&quot;\" href=\"http:\/\/www.mcmalina.cz\/http:\/\/\" target=\"_blank\"><span style=\"text-decoration: underline;\">Zahradnick\u00e9 pov\u00edd\u00e1n\u00ed se Zuzanou Hrubou na t\u00e9ma &#8220;<strong>Bylinky v&nbsp;zahrad\u011b&#8221; <\/strong>,<\/span><\/a> <em>KD Lib\u010dice, prostor MC Malina<\/em><\/li>\n<li>26.&nbsp;2.&nbsp;\u010dtvrtek, 19,00 &#8211; <a href=\"https:\/\/libcickekrizovatky.cz\/?p=3523\"><span style=\"text-decoration: underline;\"><strong>Valn\u00e1 hromada Lib\u010dice.ne<\/strong><\/span>t<\/a>, <em>restaurace U&nbsp;n\u00e1dra\u017e\u00ed<\/em><\/li>\n<li>28.&nbsp;2.&nbsp;sobota, 18,00 &#8211; <strong>Tancova\u010dka s&nbsp;Tondou Bl\u00ednem, <\/strong><em>Lib\u010dick\u00e1 plov\u00e1rna<\/em><\/li>\n<\/ul>\n<h4>Leden 2015<\/h4>\n<p><a href=\"https:\/\/libcickekrizovatky.cz\/content\/uploads\/2015\/01\/pivoanner.jpg\"><img loading=\"lazy\" class=\"alignnone  wp-image-3091\" alt=\"Divadlo pro d\u011bti v \u00dan\u011btick\u00e9m pivova\u0159e\" src=\"https:\/\/libcickekrizovatky.cz\/content\/uploads\/2015\/01\/pivoanner-300x262.jpg\" width=\"121\" height=\"106\" srcset=\"https:\/\/libcickekrizovatky.cz\/content\/uploads\/2015\/01\/pivoanner-300x262.jpg 300w, https:\/\/libcickekrizovatky.cz\/content\/uploads\/2015\/01\/pivoanner.jpg 640w\" sizes=\"(max-width: 121px) 100vw, 121px\" \/><\/a><img loading=\"lazy\" class=\"alignnone  wp-image-3059\" alt=\"Sch\u016fze!\" src=\"https:\/\/libcickekrizovatky.cz\/content\/uploads\/2015\/01\/Schanner.jpg\" width=\"121\" height=\"106\" srcset=\"https:\/\/libcickekrizovatky.cz\/content\/uploads\/2015\/01\/Schanner.jpg 640w, https:\/\/libcickekrizovatky.cz\/content\/uploads\/2015\/01\/Schanner-300x262.jpg 300w\" sizes=\"(max-width: 121px) 100vw, 121px\" \/><a href=\"http:\/\/libcice.cz\/aktualita\/318-zadosti-o-prispevky-zajmovym-organizacim.html\"><img loading=\"lazy\" class=\"alignnone  wp-image-2933\" alt=\"lib\u010dick\u00e9 granty\" src=\"https:\/\/libcickekrizovatky.cz\/content\/uploads\/2015\/01\/granty.jpg\" width=\"121\" height=\"106\" \/><\/a><a href=\"https:\/\/libcickekrizovatky.cz\/?p=3183\"><img loading=\"lazy\" class=\"alignnone  wp-image-3182\" alt=\"Sokol - aerobik\" src=\"https:\/\/libcickekrizovatky.cz\/content\/uploads\/2015\/01\/aeronner.jpg\" width=\"121\" height=\"106\" srcset=\"https:\/\/libcickekrizovatky.cz\/content\/uploads\/2015\/01\/aeronner.jpg 640w, https:\/\/libcickekrizovatky.cz\/content\/uploads\/2015\/01\/aeronner-300x262.jpg 300w\" sizes=\"(max-width: 121px) 100vw, 121px\" \/><br \/>\n<\/a><img loading=\"lazy\" class=\"alignnone  wp-image-2861\" alt=\"Lednov\u00fd Undergound, Kralupy 2015\" src=\"https:\/\/libcickekrizovatky.cz\/content\/uploads\/2014\/12\/LU_Plakat.jpg\" width=\"121\" height=\"106\" \/><a href=\"http:\/\/www.roztoc.cz\/nabidka-akci\/687-dilna-masopustnich-krosnovych-masek-**24.-ledna-a-7.-unora-2015**\/\"><img loading=\"lazy\" alt=\"Krosny v Rozto\u010di\" src=\"https:\/\/libcickekrizovatky.cz\/content\/uploads\/2014\/11\/kros-baner.jpg\" width=\"121\" height=\"106\" \/><\/a><a href=\"https:\/\/libcickekrizovatky.cz\/?p=3082\"><img loading=\"lazy\" class=\"alignnone  wp-image-3099\" alt=\"plesanner\" src=\"https:\/\/libcickekrizovatky.cz\/content\/uploads\/2015\/01\/plesanner-300x262.jpg\" width=\"121\" height=\"106\" srcset=\"https:\/\/libcickekrizovatky.cz\/content\/uploads\/2015\/01\/plesanner-300x262.jpg 300w, https:\/\/libcickekrizovatky.cz\/content\/uploads\/2015\/01\/plesanner.jpg 640w\" sizes=\"(max-width: 121px) 100vw, 121px\" \/><\/a><\/p>\n<ul>\n<li>11.&nbsp;1.&nbsp;ned\u011ble, 14,00 &#8211; <span style=\"text-decoration: underline;\"><strong><a title=\"\u00dan\u011btick\u00fd pivovar\" href=\"http:\/\/www.unetickypivovar.cz\/akce-v-pivovaru\" target=\"_blank\">Poh\u00e1dka na pivovarsk\u00e9 p\u016fd\u011b,<\/a><\/strong><\/span> <em>\u00dan\u011btick\u00fd pivovar<br \/>\n<\/em><\/li>\n<li>11.&nbsp;1.&nbsp;ned\u011ble, 19,00 &#8211; v\u0161espolkov\u00e1 <strong><span style=\"text-decoration: underline;\"><a href=\"https:\/\/libcickekrizovatky.cz\/?p=3008\">sch\u016fzka LOSu<\/a><\/span><\/strong>, <em>Salonek KD Lib\u010dice<\/em><\/li>\n<li>13.&nbsp;1.&nbsp;\u00fater\u00fd, 10,00 &#8211; 16,00 &#8211;<strong> <a title=\"den otev\u0159en\u00fdch dve\u0159\u00ed\" href=\"http:\/\/skola.libcice.cz\/den-otevrenych-dveri-dne-13-1-2015-od-10-00-do-16-00\/\" target=\"_blank\"><span style=\"text-decoration: underline;\">Den otev\u0159en\u00fdch dve\u0159\u00ed,<\/span><\/a><\/strong> <em>Z\u0160 Lib\u010dice<\/em><\/li>\n<li>14.&nbsp;1.&nbsp;st\u0159eda, 17,00 &#8211; <a title=\"T\u0159\u00eddn\u00ed sch\u016fzky\" href=\"http:\/\/skola.libcice.cz\/vazeni-rodice-tridni-schuzky-budou-ve-stredu-14-1-2015\/\" target=\"_blank\"><span style=\"text-decoration: underline;\"><strong>t\u0159\u00eddn\u00ed sch\u016fzky,<\/strong><\/span><\/a> <em>Z\u0160 Lib\u010dice<\/em><\/li>\n<li>15.&nbsp;1.&nbsp;\u010dtvrtek, 15,00 &#8211; 17,00 &#8211; <a title=\"Z\u00e1pis\" href=\"http:\/\/skola.libcice.cz\/zapis-do-1-trid\/\" target=\"_blank\"><span style=\"text-decoration: underline;\"><strong>Z\u00e1pis do 1.&nbsp;t\u0159\u00edd<\/strong>,<\/span><\/a> <em>Z\u0160 Lib\u010dice<\/em><\/li>\n<li>18 .1 ned\u011ble, 9,00 &#8211; 12,00 &#8211; <a title=\"Vydatn\u00e9 novoro\u010dn\u00ed cvi\u010den\u00ed pov\u00e1no\u010dn\u00edm leno\u0161en\u00ed\" href=\"https:\/\/libcickekrizovatky.cz\/?p=3183\"><strong><span style=\"text-decoration: underline;\">Vydatn\u00e9 novoro\u010dn\u00ed cvi\u010den\u00ed po&nbsp;v\u00e1no\u010dn\u00edm leno\u0161en\u00ed,<\/span><\/strong><\/a> <em>Sokolovna Lib\u010dice<\/em><\/li>\n<li>19.&nbsp;1.&nbsp;pond\u011bl\u00ed, 15,00 &#8211; 17,00 &#8211; <a title=\"Z\u00e1pis\" href=\"http:\/\/skola.libcice.cz\/zapis-do-1-trid\/\" target=\"_blank\"><span style=\"text-decoration: underline;\"><strong>Z\u00e1pis do 1.&nbsp;t\u0159\u00edd<\/strong>,<\/span><\/a><em> Z\u0160 Lib\u010dice<\/em><\/li>\n<li>20.&nbsp;1.&nbsp;\u00fater\u00fd &#8211; <a title=\"Formular ke stazeni na strankach mesta\" href=\"http:\/\/libcice.cz\/urad\/formulare.html\" target=\"_blank\"><span style=\"text-decoration: underline;\"><strong><span style=\"color: #ff0000; text-decoration: underline;\">NOV\u00dd<\/span> formul\u00e1\u0159 pro \u017e\u00e1dosti o&nbsp;grant<\/strong><\/span><\/a><em> radnice Lib\u010dice (snad, m\u011bn\u011bno)<br \/>\n<\/em><\/li>\n<li>24.&nbsp;1.&nbsp;sobota &#8211; <strong><a title=\"D\u00edlna Rozto\u010d\" href=\"http:\/\/www.roztoc.cz\/nabidka-akci\/687-dilna-masopustnich-krosnovych-masek-**24.-ledna-a-7.-unora-2015**\/\" target=\"_blank\"><span style=\"text-decoration: underline;\">D\u00edlna masopustn\u00edch krosnov\u00fdch masek<\/span><\/a><\/strong>, <em>Rozto\u010d, Roztoky<\/em><\/li>\n<li>24.&nbsp;1.&nbsp;sobota &#8211; <strong><span style=\"text-decoration: underline;\"><a title=\"Lednov\u00fd Underground\" href=\"https:\/\/libcickekrizovatky.cz\/?p=2857\">festival Lednov\u00fd Underground <\/a><\/span>2015, <\/strong><em> KD Vltava v&nbsp;Kralupech nad Vltavou<\/em><\/li>\n<li>25.&nbsp;1.&nbsp;ned\u011ble, 14,00 &#8211; <span style=\"text-decoration: underline;\"><strong><a title=\"\u00dan\u011btick\u00fd pivovar\" href=\"http:\/\/www.unetickypivovar.cz\/akce-v-pivovaru\" target=\"_blank\">Klaunsk\u00e1 poh\u00e1dka o&nbsp;\u010cerven\u00e9 Karkulce,<\/a><\/strong><\/span> <em>\u00dan\u011btick\u00fd pivovar<\/em><em><\/em><\/li>\n<li>26.&nbsp;1.&nbsp;pond\u011bl\u00ed, 15,00 &#8211; 16,00, <span style=\"text-decoration: underline;\"><a title=\"N\u00e1hradn\u00ed z\u00e1pis\" href=\"http:\/\/skola.libcice.cz\/zapis-do-1-trid\/\" target=\"_blank\"><strong>Z\u00e1pis do 1.&nbsp;t\u0159\u00edd &#8211; n\u00e1hradn\u00ed term\u00edn,<\/strong><\/a><\/span> <em>Z\u0160 Lib\u010dice<br \/>\n<\/em><\/li>\n<li>30.&nbsp;1.&nbsp;p\u00e1tek &#8211; <strong>Pololetn\u00ed pr\u00e1zdniny,<\/strong> <em>M\u00edsto? To nev\u00edme, kam vezmete sv\u00e9 d\u011bti<\/em> \ud83d\ude42<\/li>\n<li>31.&nbsp;1.&nbsp;sobota 20,00 &#8211; <strong><span style=\"text-decoration: underline;\"><a href=\"https:\/\/libcickekrizovatky.cz\/?p=3082\">M\u011bstsk\u00fd ples<\/a><\/span>,<\/strong> <em>KD Lib\u010dice<\/em><\/li>\n<\/ul>\n<p>&nbsp;<\/p>\n<p style=\"padding-left: 30px; text-align: right;\">Pokra\u010dovat na:<a title=\"P\u016fvodn\u00ed vzhled kalend\u00e1\u0159e - ud\u00e1losti roku 2014\" href=\"https:\/\/libcickekrizovatky.cz\/?page_id=3294\" target=\"_blank\"><img loading=\"lazy\" class=\"wp-image-4765 alignright\" alt=\"Archiv: Kalend\u00e1\u0159 2014\" src=\"https:\/\/libcickekrizovatky.cz\/content\/uploads\/2014\/11\/archiv14.png\" width=\"204\" height=\"48\" \/><\/a><\/p>\n","protected":false},"excerpt":{"rendered":"<p>Toto je p\u016fvodn\u00ed arch\u00edv &#8220;Kalend\u00e1\u0159e akc\u00ed&#8221;, jak vypadal a\u017e do kv\u011btna 2015. Pokra\u010dovat na: Tato str\u00e1nka je snahou o&nbsp;vytvo\u0159en\u00ed funk\u010dn\u00edho gener\u00e1ln\u00edho lib\u010dick\u00e9ho kulturn\u011b-spole\u010densk\u00e9ho kalend\u00e1\u0159e v\u0161ech akc\u00ed bez rozli\u0161en\u00ed v\u011bku, n\u00e1rodnosti, sexu\u00e1ln\u00ed orientace a&nbsp;dokonce i&nbsp;politick\u00e9 p\u0159\u00edslu\u0161nosti organiz\u00e1tor\u016f. Jedin\u00e1 podm\u00ednka za\u0159azen\u00ed p\u0159\u00edsp\u011bvku na tuto str\u00e1nku je, \u017ee jsme se o&nbsp;n\u00ed dozv\u011bd\u011bli. Pokud m\u00e1te z\u00e1jem o&nbsp;sv\u00e9 akci informovat, [&hellip;]<\/p>\n","protected":false},"author":3,"featured_media":0,"parent":2154,"menu_order":4,"comment_status":"open","ping_status":"open","template":"","meta":[],"_links":{"self":[{"href":"https:\/\/libcickekrizovatky.cz\/index.php?rest_route=\/wp\/v2\/pages\/4553"}],"collection":[{"href":"https:\/\/libcickekrizovatky.cz\/index.php?rest_route=\/wp\/v2\/pages"}],"about":[{"href":"https:\/\/libcickekrizovatky.cz\/index.php?rest_route=\/wp\/v2\/types\/page"}],"author":[{"embeddable":true,"href":"https:\/\/libcickekrizovatky.cz\/index.php?rest_route=\/wp\/v2\/users\/3"}],"replies":[{"embeddable":true,"href":"https:\/\/libcickekrizovatky.cz\/index.php?rest_route=%2Fwp%2Fv2%2Fcomments&post=4553"}],"version-history":[{"count":8,"href":"https:\/\/libcickekrizovatky.cz\/index.php?rest_route=\/wp\/v2\/pages\/4553\/revisions"}],"predecessor-version":[{"id":4775,"href":"https:\/\/libcickekrizovatky.cz\/index.php?rest_route=\/wp\/v2\/pages\/4553\/revisions\/4775"}],"up":[{"embeddable":true,"href":"https:\/\/libcickekrizovatky.cz\/index.php?rest_route=\/wp\/v2\/pages\/2154"}],"wp:attachment":[{"href":"https:\/\/libcickekrizovatky.cz\/index.php?rest_route=%2Fwp%2Fv2%2Fmedia&parent=4553"}],"curies":[{"name":"wp","href":"https:\/\/api.w.org\/{rel}","templated":true}]}}